{"id":2395,"date":"2017-12-20T18:52:44","date_gmt":"2017-12-20T17:52:44","guid":{"rendered":"https:\/\/www.dolospedifen.ch\/?page_id=2395"},"modified":"2017-12-28T15:12:08","modified_gmt":"2017-12-28T14:12:08","slug":"glossaire-et-faq","status":"publish","type":"page","link":"https:\/\/www.dolospedifen.ch\/fr\/glossaire-et-faq\/","title":{"rendered":"Glossaire et FAQ"},"content":{"rendered":"<div class=\"wpb-content-wrapper\">[vc_row css=\u00a0\u00bb.vc_custom_1513691470144{margin-top: 40px !important;}\u00a0\u00bb][vc_column css=\u00a0\u00bb.vc_custom_1513688629508{padding-bottom: 30px !important;background-color: #ffffff !important;}\u00a0\u00bb][mk_fancy_title tag_name=\u00a0\u00bbh1&Prime; color=\u00a0\u00bb#f58b26&Prime; size=\u00a0\u00bb34&Prime; font_weight=\u00a0\u00bb400&Prime; margin_top=\u00a0\u00bb15&Prime; margin_bottom=\u00a0\u00bb10&Prime; font_family=\u00a0\u00bbnone\u00a0\u00bb]Glossaire et FAQ[\/mk_fancy_title][mk_fancy_title color=\u00a0\u00bb#f58b26&Prime; size=\u00a0\u00bb16&Prime; font_weight=\u00a0\u00bb400&Prime; txt_transform=\u00a0\u00bbuppercase\u00a0\u00bb margin_top=\u00a0\u00bb15&Prime; margin_bottom=\u00a0\u00bb10&Prime; font_family=\u00a0\u00bbnone\u00a0\u00bb]Glossaire[\/mk_fancy_title][vc_accordions action_style=\u00a0\u00bbtoggle-action\u00a0\u00bb][vc_accordion_tab title=\u00a0\u00bbArginine\u00a0\u00bb][vc_column_text css=\u00a0\u00bb.vc_custom_1514470082833{margin-bottom: 0px !important;}\u00a0\u00bb]C\u2019est un acide amin\u00e9, c\u2019est-\u00e0-dire un composant des prot\u00e9ines. La salification avec l\u2019arginine de mol\u00e9cule comme l\u2019ibuprof\u00e8ne conf\u00e8re \u00e0 ce dernier une meilleure solubilit\u00e9.[\/vc_column_text][\/vc_accordion_tab][vc_accordion_tab title=\u00a0\u00bbAction analg\u00e9sique\u00a0\u00bb][vc_column_text css=\u00a0\u00bb.vc_custom_1514470103153{margin-bottom: 0px !important;}\u00a0\u00bb]C\u2019est la capacit\u00e9 de certains m\u00e9dicaments \u00e0 inhiber la perception de la douleur. Des m\u00e9dicaments comme le parac\u00e9tamol et les AINS (ibuprof\u00e8ne, naprox\u00e8ne, diclof\u00e9nac, acide ac\u00e9tylsalicylique, etc.) sont dot\u00e9s d\u2019action analg\u00e9sique.[\/vc_column_text][\/vc_accordion_tab][vc_accordion_tab title=\u00a0\u00bbDouleur\u00a0\u00bb][vc_column_text css=\u00a0\u00bb.vc_custom_1514470122473{margin-bottom: 0px !important;}\u00a0\u00bb]La douleur est d\u00e9finie scientifiquement comme une exp\u00e9rience sensorielle et \u00e9motionnelle d\u00e9sagr\u00e9able associ\u00e9e \u00e0 un dommage aux tissus r\u00e9el ou potentiel ou d\u00e9crite en termes de ce dommage.[\/vc_column_text][\/vc_accordion_tab][vc_accordion_tab title=\u00a0\u00bbDouleur aigu\u00eb\u00a0\u00bb][vc_column_text css=\u00a0\u00bb.vc_custom_1514470143418{margin-bottom: 0px !important;}\u00a0\u00bb]La douleur aigu\u00eb a une dur\u00e9e limit\u00e9e et repr\u00e9sente habituellement la cons\u00e9quence d\u2019un traumatisme, d\u2019une maladie ou d\u2019une intervention chirurgicale et, en g\u00e9n\u00e9ral, elle a tendance \u00e0 dispara\u00eetre avec la gu\u00e9rison du processus qui l\u2019a provoqu\u00e9e. Sous certains aspects, elle peut \u00eatre consid\u00e9r\u00e9e comme un signal utile car elle nous pr\u00e9vient que quelque chose ne va pas.[\/vc_column_text][\/vc_accordion_tab][vc_accordion_tab title=\u00a0\u00bbDouleur chronique\u00a0\u00bb][vc_column_text css=\u00a0\u00bb.vc_custom_1514470173922{margin-bottom: 0px !important;}\u00a0\u00bb]La douleur est d\u00e9finie comme chronique quand elle d\u00e9passe une dur\u00e9e de 3 mois. Dans ce cas, la douleur est souvent \u00ab inutile \u00bb et est une fin en soi comme la douleur neuropathique.[\/vc_column_text][\/vc_accordion_tab][vc_accordion_tab title=\u00a0\u00bbAINS\u00a0\u00bb][vc_column_text css=\u00a0\u00bb.vc_custom_1514470194985{margin-bottom: 0px !important;}\u00a0\u00bb]L\u2019acronyme AINS signifie Anti-Inflammatoires Non St\u00e9ro\u00efdiens : il comprend un groupe de substances qui poss\u00e8dent la capacit\u00e9 de diminuer l\u2019inflammation (gr\u00e2ce \u00e0 leur capacit\u00e9 de bloquer la synth\u00e8se des prostaglandines, substances qui transmettent le processus inflammatoire), de soulager la douleur et de faire baisser la fi\u00e8vre.[\/vc_column_text][\/vc_accordion_tab][vc_accordion_tab title=\u00a0\u00bbIbuprof\u00e8ne sous forme de sel d\u2019arginine\u00a0\u00bb][vc_column_text css=\u00a0\u00bb.vc_custom_1514470213064{margin-bottom: 0px !important;}\u00a0\u00bb]Il s\u2019agit d\u2019une forme pharmaceutique sous laquelle l\u2019Ibuprof\u00e8ne a \u00e9t\u00e9 salifi\u00e9 avec de l\u2019arginine. Cela conf\u00e8re \u00e0 l\u2019ibuprof\u00e8ne une meilleure solubilit\u00e9.[\/vc_column_text][\/vc_accordion_tab][vc_accordion_tab title=\u00a0\u00bbInflammation\u00a0\u00bb][vc_column_text css=\u00a0\u00bb.vc_custom_1514470231085{margin-bottom: 0px !important;}\u00a0\u00bb]Il s\u2019agit d\u2019une r\u00e9ponse des tissus de l\u2019organisme \u00e0 l\u2019action d\u2019agents chimiques, physiques ou biologiques et qui est caract\u00e9ris\u00e9e par une s\u00e9rie de ph\u00e9nom\u00e8nes induits par la lib\u00e9ration\/production de substances particuli\u00e8res. Celles-ci, en induisant une dilatation des vaisseaux et une meilleure perm\u00e9abilit\u00e9 de leurs parois, provoquent le passage de liquides depuis l\u2019int\u00e9rieur des vaisseaux au tissu (\u0153d\u00e8me). L\u2019inflammation se manifeste avec des sympt\u00f4mes typiques : rougissement, augmentation de la temp\u00e9rature, gonflement et douleur, qui s\u2019accompagnent de la diminution de la fonction.[\/vc_column_text][\/vc_accordion_tab][\/vc_accordions][\/vc_column][\/vc_row][vc_row css=\u00a0\u00bb.vc_custom_1513691470144{margin-top: 40px !important;}\u00a0\u00bb][vc_column css=\u00a0\u00bb.vc_custom_1513688629508{padding-bottom: 30px !important;background-color: #ffffff !important;}\u00a0\u00bb][mk_fancy_title color=\u00a0\u00bb#f58b26&Prime; size=\u00a0\u00bb16&Prime; font_weight=\u00a0\u00bb400&Prime; txt_transform=\u00a0\u00bbuppercase\u00a0\u00bb margin_top=\u00a0\u00bb15&Prime; margin_bottom=\u00a0\u00bb10&Prime; font_family=\u00a0\u00bbnone\u00a0\u00bb]FAQ[\/mk_fancy_title][vc_accordions action_style=\u00a0\u00bbtoggle-action\u00a0\u00bb][vc_accordion_tab title=\u00a0\u00bbPour quels types de douleurs DOLO-SPEDIFEN peut-il \u00eatre utilis\u00e9 ?\u00a0\u00bb][vc_column_text css=\u00a0\u00bb.vc_custom_1514470261520{margin-bottom: 0px !important;}\u00a0\u00bb]<strong>DOLO-SPEDIFEN<\/strong> est indiqu\u00e9 pour les douleurs aigu\u00ebs telles que maux de t\u00eate, maux de dents, maux de dos, douleurs menstruelles, douleurs au niveau des articulations et des ligaments et douleurs caus\u00e9es par des blessures. Il est en outre indiqu\u00e9 pour faire baisser la fi\u00e8vre caus\u00e9e par des \u00e9tats grippaux. DOLO-SPEDIFEN ne doit pas \u00eatre utilis\u00e9 pendant plus de trois jours.[\/vc_column_text][\/vc_accordion_tab][vc_accordion_tab title=\u00a0\u00bbPuis-je utiliser DOLO-SPEDIFEN en \u00e9tant enceinte ou pendant l\u2019allaitement ?\u00a0\u00bb][vc_column_text css=\u00a0\u00bb.vc_custom_1514470288464{margin-bottom: 0px !important;}\u00a0\u00bb]Si vous \u00eates enceinte ou que vous pr\u00e9voyez une grossesse, vous devez consulter votre m\u00e9decin avant de prendre Dolo-Spedifen 200 ou Dolo-Spedifen forte 400. Dolo-Spedifen 200 ou Dolo-Spedifen forte 400 ne doivent pas \u00eatre pris pendant le troisi\u00e8me trimestre de la grossesse.<br \/>\nAllaitement: \u00e0 moins d\u2019avoir l\u2019autorisation expresse de votre m\u00e9decin, Dolo-Spedifen 200 ou Dolo-Spedifen forte 400 ne doivent pas \u00eatre pris pendant l\u2019allaitement.[\/vc_column_text][\/vc_accordion_tab][vc_accordion_tab title=\u00a0\u00bbDOLO-SPEDIFEN a-t-il des effets sur la capacit\u00e9 \u00e0 conduire des v\u00e9hicules ou sur l\u2019utilisation de machines ?\u00a0\u00bb][vc_column_text css=\u00a0\u00bb.vc_custom_1514470312639{margin-bottom: 0px !important;}\u00a0\u00bb]Dolo-Spedifen 200 ou Dolo-Spedifen forte 400 peuvent r\u00e9duire la capacit\u00e9 de r\u00e9action, la capacit\u00e9 \u00e0 conduire un v\u00e9hicule et la capacit\u00e9 \u00e0 utiliser des outils ou des machines.[\/vc_column_text][\/vc_accordion_tab][\/vc_accordions][\/vc_column][\/vc_row]\n<\/div>","protected":false},"excerpt":{"rendered":"<p>[vc_row css=\u00a0\u00bb.vc_custom_1513691470144{margin-top: 40px !important;}\u00a0\u00bb][vc_column css=\u00a0\u00bb.vc_custom_1513688629508{padding-bottom: 30px !important;background-color: #ffffff !important;}\u00a0\u00bb][mk_fancy_title tag_name=\u00a0\u00bbh1&Prime; color=\u00a0\u00bb#f58b26&Prime; size=\u00a0\u00bb34&Prime; font_weight=\u00a0\u00bb400&Prime; margin_top=\u00a0\u00bb15&Prime; margin_bottom=\u00a0\u00bb10&Prime; font_family=\u00a0\u00bbnone\u00a0\u00bb]Glossaire et FAQ[\/mk_fancy_title][mk_fancy_title color=\u00a0\u00bb#f58b26&Prime; size=\u00a0\u00bb16&Prime; font_weight=\u00a0\u00bb400&Prime; txt_transform=\u00a0\u00bbuppercase\u00a0\u00bb margin_top=\u00a0\u00bb15&Prime; margin_bottom=\u00a0\u00bb10&Prime; font_family=\u00a0\u00bbnone\u00a0\u00bb]Glossaire[\/mk_fancy_title][vc_accordions action_style=\u00a0\u00bbtoggle-action\u00a0\u00bb][vc_accordion_tab title=\u00a0\u00bbArginine\u00a0\u00bb][vc_column_text css=\u00a0\u00bb.vc_custom_1514470082833{margin-bottom: 0px !important;}\u00a0\u00bb]C\u2019est un acide amin\u00e9, c\u2019est-\u00e0-dire un composant des prot\u00e9ines. La salification avec l\u2019arginine de mol\u00e9cule comme l\u2019ibuprof\u00e8ne conf\u00e8re \u00e0 ce dernier une meilleure solubilit\u00e9.[\/vc_column_text][\/vc_accordion_tab][vc_accordion_tab title=\u00a0\u00bbAction analg\u00e9sique\u00a0\u00bb][vc_column_text [&hellip;]<\/p>\n","protected":false},"author":2,"featured_media":0,"parent":0,"menu_order":0,"comment_status":"closed","ping_status":"closed","template":"","meta":{"_monsterinsights_skip_tracking":false,"_monsterinsights_sitenote_active":false,"_monsterinsights_sitenote_note":"","_monsterinsights_sitenote_category":0,"footnotes":""},"categories":[],"tags":[],"yst_prominent_words":[1379,1373,1370,1383,1377,1375,1380,1374,1371,232,228,1241,1361,1381,233,1378,1372,1384,1382,1376],"class_list":["post-2395","page","type-page","status-publish","hentry"],"_links":{"self":[{"href":"https:\/\/www.dolospedifen.ch\/fr\/wp-json\/wp\/v2\/pages\/2395","targetHints":{"allow":["GET"]}}],"collection":[{"href":"https:\/\/www.dolospedifen.ch\/fr\/wp-json\/wp\/v2\/pages"}],"about":[{"href":"https:\/\/www.dolospedifen.ch\/fr\/wp-json\/wp\/v2\/types\/page"}],"author":[{"embeddable":true,"href":"https:\/\/www.dolospedifen.ch\/fr\/wp-json\/wp\/v2\/users\/2"}],"replies":[{"embeddable":true,"href":"https:\/\/www.dolospedifen.ch\/fr\/wp-json\/wp\/v2\/comments?post=2395"}],"version-history":[{"count":0,"href":"https:\/\/www.dolospedifen.ch\/fr\/wp-json\/wp\/v2\/pages\/2395\/revisions"}],"wp:attachment":[{"href":"https:\/\/www.dolospedifen.ch\/fr\/wp-json\/wp\/v2\/media?parent=2395"}],"wp:term":[{"taxonomy":"category","embeddable":true,"href":"https:\/\/www.dolospedifen.ch\/fr\/wp-json\/wp\/v2\/categories?post=2395"},{"taxonomy":"post_tag","embeddable":true,"href":"https:\/\/www.dolospedifen.ch\/fr\/wp-json\/wp\/v2\/tags?post=2395"},{"taxonomy":"yst_prominent_words","embeddable":true,"href":"https:\/\/www.dolospedifen.ch\/fr\/wp-json\/wp\/v2\/yst_prominent_words?post=2395"}],"curies":[{"name":"wp","href":"https:\/\/api.w.org\/{rel}","templated":true}]}}